{"id":174,"date":"2024-07-23T13:00:36","date_gmt":"2024-07-23T13:00:36","guid":{"rendered":"http:\/\/www.altindamla.com\/?page_id=174"},"modified":"2024-07-23T14:08:14","modified_gmt":"2024-07-23T14:08:14","slug":"boru-profil-sektoru","status":"publish","type":"page","link":"http:\/\/www.altindamla.com\/index.php\/boru-profil-sektoru\/","title":{"rendered":"BORU \u2013 PROF\u0130L SEKT\u00d6R\u00dc"},"content":{"rendered":"\n<figure class=\"wp-block-image size-full\"><img loading=\"lazy\" decoding=\"async\" width=\"848\" height=\"158\" src=\"http:\/\/www.altindamla.com\/wp-content\/uploads\/2024\/07\/boru-profil_kategori.jpg\" alt=\"\" class=\"wp-image-175\" srcset=\"http:\/\/www.altindamla.com\/wp-content\/uploads\/2024\/07\/boru-profil_kategori.jpg 848w, http:\/\/www.altindamla.com\/wp-content\/uploads\/2024\/07\/boru-profil_kategori-300x56.jpg 300w, http:\/\/www.altindamla.com\/wp-content\/uploads\/2024\/07\/boru-profil_kategori-768x143.jpg 768w\" sizes=\"(max-width: 848px) 100vw, 848px\" \/><\/figure>\n\n\n\n<p class=\"has-system-serif-font-family\" style=\"font-size:clamp(1.039rem, 1.039rem + ((1vw - 0.2rem) * 0.935), 1.6rem);font-style:normal;font-weight:500;line-height:1.2\">Boru sanayisi, in\u015faat sanayinin yan\u0131 s\u0131ra imalat sanayi ve otomotiv sekt\u00f6rlerindeki geli\u015fmeler de \u00e7elik boru sekt\u00f6r\u00fcndeki talep seviyesi \u00fczerinde etkili olmaktad\u0131r.<\/p>\n\n\n\n<p class=\"has-system-serif-font-family\" style=\"font-size:clamp(1.039rem, 1.039rem + ((1vw - 0.2rem) * 0.935), 1.6rem);font-style:normal;font-weight:500;line-height:1.2\">BELG\u0130N kullan\u0131c\u0131n\u0131n beklentisine cevap veren optimum performans ve \u00fcretim verimlili\u011fi i\u00e7in \u00f6nemli katma de\u011fer sa\u011flayan, y\u00fcksek teknoloji \u00fcr\u00fcnlerini \u00fcreterek m\u00fc\u015fterilerinin kullan\u0131m\u0131na sunar.<\/p>\n\n\n\n<p class=\"has-system-serif-font-family\" style=\"font-size:clamp(1.039rem, 1.039rem + ((1vw - 0.2rem) * 0.935), 1.6rem);font-style:normal;font-weight:500;line-height:1.2\">Generax, Bortex, Cores serisi \u00fcr\u00fcnler; yenilik\u00e7i ve ekonomik form\u00fclleri ile boru \u00fcretim sekt\u00f6r\u00fcnde ba\u015far\u0131yla kullan\u0131lmaktad\u0131r.<\/p>\n\n\n\n<p class=\"has-system-serif-font-family\" style=\"font-size:clamp(1.039rem, 1.039rem + ((1vw - 0.2rem) * 0.935), 1.6rem);font-style:normal;font-weight:500;line-height:1.2\">Korozyon dayan\u0131m\u0131 y\u00fcksek, \u00fcst\u00fcn y\u0131kama-temizleme performansl\u0131 ve bakteriyolojik dayan\u0131m\u0131 y\u00fcksek yeni nesil \u00f6zel \u00fcr\u00fcnlerimizin sistemlerde kullan\u0131lmas\u0131 sonucu temiz makine aksamlar\u0131, y\u00fcksek korozyon dayan\u0131m\u0131, seri \u00fcretim avantaj\u0131 ve d\u00fc\u015f\u00fck sarfiyatlar ile ciddi oranda teknik ve ticari maliyet iyile\u015ftirmeleri sa\u011flan\u0131r.<\/p>\n\n\n\n<p class=\"has-system-serif-font-family\" style=\"font-size:clamp(1.039rem, 1.039rem + ((1vw - 0.2rem) * 0.935), 1.6rem);font-style:normal;font-weight:500;line-height:1.2\">BELG\u0130N Teknik Ekibi sekt\u00f6r i\u00e7in yerinde m\u00fc\u015fteri ziyaretleri ile saha ekspertizi sonras\u0131 sekt\u00f6rel bilgi birikimini ve y\u00fcksek performansl\u0131 \u00fcr\u00fcnlerini m\u00fc\u015fterilerine sunar.<\/p>\n\n\n\n<p class=\"has-system-serif-font-family\" style=\"font-size:clamp(1.039rem, 1.039rem + ((1vw - 0.2rem) * 0.935), 1.6rem);font-style:normal;font-weight:500;line-height:1.2\">SEKT\u00d6REL BA\u015eARI FAKT\u00d6RLER\u0130M\u0130Z<\/p>\n\n\n\n<p class=\"has-system-serif-font-family\" style=\"font-size:clamp(1.039rem, 1.039rem + ((1vw - 0.2rem) * 0.935), 1.6rem);font-style:normal;font-weight:500;line-height:1.2\">\u2022 Sekt\u00f6r Lideri Konum<\/p>\n\n\n\n<p class=\"has-system-serif-font-family\" style=\"font-size:clamp(1.039rem, 1.039rem + ((1vw - 0.2rem) * 0.935), 1.6rem);font-style:normal;font-weight:500;line-height:1.2\">\u2022 Yeni Nesil Sekt\u00f6rel \u00dcr\u00fcnler<\/p>\n\n\n\n<p class=\"has-system-serif-font-family\" style=\"font-size:clamp(1.039rem, 1.039rem + ((1vw - 0.2rem) * 0.935), 1.6rem);font-style:normal;font-weight:500;line-height:1.2\">\u2022 Sekt\u00f6rel Tecr\u00fcbe<\/p>\n\n\n\n<p class=\"has-system-serif-font-family\" style=\"font-size:clamp(1.039rem, 1.039rem + ((1vw - 0.2rem) * 0.935), 1.6rem);font-style:normal;font-weight:500;line-height:1.2\">\u2022 Sat\u0131\u015f Sonras\u0131 Teknik Hizmetler<\/p>\n\n\n\n<p class=\"has-system-serif-font-family\" style=\"font-size:clamp(1.039rem, 1.039rem + ((1vw - 0.2rem) * 0.935), 1.6rem);font-style:normal;font-weight:500;line-height:1.2\">BELG\u0130N diki\u015fli boru profil sekt\u00f6r\u00fcndeki \u00fcretim hatlar\u0131 i\u00e7in farkl\u0131 \u00e7\u00f6z\u00fcmler sunmaktad\u0131r.<\/p>\n","protected":false},"excerpt":{"rendered":"<p>Boru sanayisi, in\u015faat sanayinin yan\u0131 s\u0131ra imalat sanayi ve otomotiv sekt\u00f6rlerindeki geli\u015fmeler de \u00e7elik boru sekt\u00f6r\u00fcndeki talep seviyesi \u00fczerinde etkili olmaktad\u0131r. BELG\u0130N kullan\u0131c\u0131n\u0131n beklentisine cevap veren optimum performans ve \u00fcretim verimlili\u011fi i\u00e7in \u00f6nemli katma de\u011fer sa\u011flayan, y\u00fcksek teknoloji \u00fcr\u00fcnlerini \u00fcreterek m\u00fc\u015fterilerinin kullan\u0131m\u0131na sunar. Generax, Bortex, Cores serisi \u00fcr\u00fcnler; yenilik\u00e7i ve ekonomik form\u00fclleri ile boru \u00fcretim [&hellip;]<\/p>\n","protected":false},"author":1,"featured_media":0,"parent":0,"menu_order":0,"comment_status":"closed","ping_status":"closed","template":"","meta":{"footnotes":""},"class_list":["post-174","page","type-page","status-publish","hentry"],"_links":{"self":[{"href":"http:\/\/www.altindamla.com\/index.php\/wp-json\/wp\/v2\/pages\/174"}],"collection":[{"href":"http:\/\/www.altindamla.com\/index.php\/wp-json\/wp\/v2\/pages"}],"about":[{"href":"http:\/\/www.altindamla.com\/index.php\/wp-json\/wp\/v2\/types\/page"}],"author":[{"embeddable":true,"href":"http:\/\/www.altindamla.com\/index.php\/wp-json\/wp\/v2\/users\/1"}],"replies":[{"embeddable":true,"href":"http:\/\/www.altindamla.com\/index.php\/wp-json\/wp\/v2\/comments?post=174"}],"version-history":[{"count":2,"href":"http:\/\/www.altindamla.com\/index.php\/wp-json\/wp\/v2\/pages\/174\/revisions"}],"predecessor-version":[{"id":223,"href":"http:\/\/www.altindamla.com\/index.php\/wp-json\/wp\/v2\/pages\/174\/revisions\/223"}],"wp:attachment":[{"href":"http:\/\/www.altindamla.com\/index.php\/wp-json\/wp\/v2\/media?parent=174"}],"curies":[{"name":"wp","href":"https:\/\/api.w.org\/{rel}","templated":true}]}}